{"id":6263,"date":"2023-09-05T05:35:28","date_gmt":"2023-09-05T05:35:28","guid":{"rendered":"https:\/\/en.amec.es\/?post_type=agendas&#038;p=6263"},"modified":"2023-09-07T10:32:47","modified_gmt":"2023-09-07T10:32:47","slug":"adaptive-industry","status":"publish","type":"agendas","link":"https:\/\/en.amec.es\/index.php\/agendas\/adaptive-industry\/","title":{"rendered":"Adaptive Industry"},"content":{"rendered":"<p class=\"title_with_yellow_after texte left\"><strong><img fetchpriority=\"high\" decoding=\"async\" src=\"https:\/\/en.amec.es\/wp-content\/uploads\/2023\/09\/programa-adaptivebannerportada-redim-w800-h566.jpg\" width=\"800\" height=\"566\" \/><\/strong><\/p>\n<p class=\"title_with_yellow_after texte left\"><strong>\u00a1<\/strong><strong>NUEVA EDICI\u00d3N!<\/strong><\/p>\n<p class=\"title_with_yellow_after texte left\">Hoy, liderar significa adaptarse<\/p>\n<p>&nbsp;<\/p>\n<p>&nbsp;<\/p>\n<p><em><span class=\"s1\">No va a ser la empresa m\u00e1s grande la que sobreviva, si no la que sepa adaptarse mejor a los cambios en un contexto hiper VUCA.\u00a0<\/span><\/em><\/p>\n<p class=\"p1\">\n<p class=\"p1\"><span class=\"s1\">\u00bfC\u00f3mo aprender a gestionar la incertidumbre, valorar el riesgo y actuar ante las buenas oportunidades? Presentamos\u00a0<strong>un programa de alto rendimiento para ayudar a los empresarios y empresarias a desarrollar capacidades adaptativas para la acci\u00f3n ante la incertidumbre.<\/strong><\/span><\/p>\n<p class=\"p1\">\n<p class=\"p2\"><span class=\"s1\">Queremos ayudar a las empresas industriales a operar de la mejor manera ante el miedo de jugarse el patrimonio familiar, as\u00ed como un entramado de profundas relaciones personales con proveedores, empleados, clientes y sociedad.\u00a0<\/span><\/p>\n<p class=\"p2\">\n<p class=\"p2 title_with_yellow_after\"><span class=\"s1\">Objetivos del programa<\/span><\/p>\n<p class=\"p2\">\n<p class=\"p1\"><span class=\"s1\"><strong>Empoderar a los l\u00edderes de la mayor\u00eda de las industrias espa\u00f1olas, empresarios de \u00e9xito con escasez de tiempo y recursos, para que puedan decidir y actuar con anticipaci\u00f3n y adaptabilidad en un contexto cambiante.<\/strong><\/span><\/p>\n<p class=\"p2\">\n<p class=\"p1\"><span class=\"s1\">Los ejecutivos de las grandes empresas multinacionales disponen de m\u00faltiples herramientas de informaci\u00f3n, formaci\u00f3n, prospectiva y acompa\u00f1amiento para guiar sus decisiones, minimizando as\u00ed los riesgos.\u00a0<\/span><strong><span class=\"s1\">Nuestro objetivo es minimizar tambi\u00e9n los riesgos de las industrias que, no siendo grandes empresas multinacionales, s\u00ed son empresas tecnol\u00f3gicas con grandes oportunidades internacionales.<\/span><\/strong><\/p>\n<p>&nbsp;<\/p>\n<p class=\"title_with_yellow_after\">A quien va dirigido:<\/p>\n<p class=\"p1\"><span class=\"s1\">El programa est\u00e1 pensado para\u00a0<strong>altos directivos<\/strong>\u00a0de empresas industriales que:<\/span><\/p>\n<ul>\n<li><span class=\"s1\">Operen en\u00a0<strong>mercados internacionales<\/strong><\/span><\/li>\n<li><span class=\"s1\">Est\u00e9n afrontando\u00a0<strong>transformaciones importantes<\/strong>\u00a0en su empresa (mercados, modelos de negocio, procesos productivos, modelos de innovaci\u00f3n, entre otros)<\/span><\/li>\n<li><span class=\"s1\">Est\u00e9n\u00a0<strong>abiertos al progreso:<\/strong>\u00a0profesionales que<strong>\u00a0<\/strong>se quieran plantear nuevas preguntas y busquen respuestas diferentes ante el entorno actual<\/span><\/li>\n<li><span class=\"s1\">Quieran\u00a0<strong>desarrollar nuevas capacidades<\/strong>\u00a0de liderazgo<\/span><\/li>\n<li><span class=\"s1\">Sepan aprovechar un\u00a0<strong>acompa\u00f1amiento externo de alto valor,\u00a0<\/strong>que\u00a0enriquezca sus tomas de decisiones<\/span><\/li>\n<\/ul>\n<p>&nbsp;<\/p>\n<p><strong><a href=\"https:\/\/www.amec.es\/competitividad\/adaptive-industry.htm\" data-href=\"https:\/\/www.amec.es\/competitividad\/adaptive-industry.htm\">CONSULTA AQU\u00cd EL PROGRAMA COMPLETO<\/a><\/strong><\/p>\n","protected":false},"template":"","class_list":["post-6263","agendas","type-agendas","status-publish","hentry"],"acf":[],"_links":{"self":[{"href":"https:\/\/en.amec.es\/index.php\/wp-json\/wp\/v2\/agendas\/6263","targetHints":{"allow":["GET"]}}],"collection":[{"href":"https:\/\/en.amec.es\/index.php\/wp-json\/wp\/v2\/agendas"}],"about":[{"href":"https:\/\/en.amec.es\/index.php\/wp-json\/wp\/v2\/types\/agendas"}],"version-history":[{"count":0,"href":"https:\/\/en.amec.es\/index.php\/wp-json\/wp\/v2\/agendas\/6263\/revisions"}],"wp:attachment":[{"href":"https:\/\/en.amec.es\/index.php\/wp-json\/wp\/v2\/media?parent=6263"}],"curies":[{"name":"wp","href":"https:\/\/api.w.org\/{rel}","templated":true}]}}