{"id":6281,"date":"2023-09-05T05:58:57","date_gmt":"2023-09-05T05:58:57","guid":{"rendered":"https:\/\/en.amec.es\/?post_type=agendas&#038;p=6281"},"modified":"2023-09-07T10:52:53","modified_gmt":"2023-09-07T10:52:53","slug":"la-inteligencia-artificial-en-la-industria","status":"publish","type":"agendas","link":"https:\/\/en.amec.es\/index.php\/agendas\/la-inteligencia-artificial-en-la-industria\/","title":{"rendered":"La inteligencia artificial en la industria"},"content":{"rendered":"<p>&nbsp;<\/p>\n<p>La Inteligencia Artificial en los \u00faltimos meses se ha convertido en el<strong>\u00a0concepto tecnol\u00f3gico m\u00e1s utilizado en el sector empresarial.<\/strong>\u00a0Pero entender de qu\u00e9 se trata no es f\u00e1cil para un profesional no tecnol\u00f3gico, y ante el alud de datos y noticias<strong>\u00a0es complicado hacerse una idea de su verdadero potencial.<\/strong><\/p>\n<div id=\"area-595-7\" class=\"warea_100 fons-blau-fosc area-vertical\">\n<div class=\"area-interna area-interna-primera\">\n<section id=\"marcadorTDL_6482ebcd83dd7\" class=\"marcadorTextoDescripcionLateral amplada-pagina light_text\">\n<article data-acentcolor=\"#3C9EFF\">\n<div class=\"descripcion warea_75\">\n<p>En estas sesiones se explicar\u00e1\u00a0<strong>de forma clara, rigurosa y sencilla<\/strong>, los conceptos fundamentales de la AI, cu\u00e1les son sus puntos fuertes y d\u00e9biles, donde tiene m\u00e1s sentido utilizarla, y revisaremos algunos ejemplos de aplicaci\u00f3n.<\/p>\n<p>&nbsp;<\/p>\n<p>Formaci\u00f3n dirigida a profesionales con o sin experiencia. No es necesario ning\u00fan conocimiento previo en tecnolog\u00eda<\/p>\n<p>&nbsp;<\/p>\n<p>\u00bfQu\u00e9 veremos?<\/p>\n<\/div>\n<\/article>\n<\/section>\n<\/div>\n<\/div>\n<div id=\"area-595-8\" class=\"warea_100 fons-gris area-vertical\">\n<div class=\"area-interna area-interna-primera\">\n<section id=\"marcadorTDL_6482ebcd83df2\" class=\"marcadorTextoDescripcionLateral amplada-pagina button_links\">\n<article data-acentcolor=\"#FFC107\">\n<div class=\"descripcion warea_75\">\n<p>&nbsp;<\/p>\n<p><strong>Introducci\u00f3n a la Inteligencia Artificial (AI).<\/strong><\/p>\n<ul>\n<li>\u00bfC\u00f3mo surgi\u00f3, por qu\u00e9 estamos hablando ahora de AI?<\/li>\n<li>\u00bfQu\u00e9 es la Inteligencia Artificial (AI)?<\/li>\n<li>Conceptos fundamentales. Hay que entender c\u00f3mo funciona para saber c\u00f3mo aplicarla.<\/li>\n<\/ul>\n<p>&nbsp;<\/p>\n<p><strong>Aplicaci\u00f3n de la AI<\/strong><\/p>\n<ul>\n<li>Beneficios del uso de la AI en la industria<\/li>\n<li>Ejemplos de aplicaci\u00f3n empresariales.<\/li>\n<li>Ejemplos de aplicaci\u00f3n industrial: mantenimiento predictivo, control de calidad, planificaci\u00f3n de la producci\u00f3n, y Digitals Twins, etc.<\/li>\n<li>Qu\u00e9 relaci\u00f3n hay con Edge computin, 5G y AI as a Service (AIaaS)<\/li>\n<li>Revisi\u00f3n de algunos aspectos relacionados con la Ciberseguridad y la privacidad.<\/li>\n<\/ul>\n<p>&nbsp;<\/p>\n<p><strong>Normativa a conocer<\/strong><\/p>\n<ul>\n<li>La nueva ley europea para regular el uso de la AI. \u00bfC\u00f3mo nos afectar\u00e1?, que deben tener en cuenta las empresas.<\/li>\n<li>\u00c9tica de la AI. C\u00f3mo aplicar la \u00c9tica en la empresa. C\u00f3digos de autorregulaci\u00f3n.<\/li>\n<\/ul>\n<p>&nbsp;<\/p>\n<p><strong>Inteligencia Artificial Generativa (GenAI).<\/strong><\/p>\n<ul>\n<li>\u00bfQu\u00e9 es la\u00a0GenAI? Por qu\u00e9 casos funciona bien, en cu\u00e1les no es una buena herramienta.<\/li>\n<li>Sesi\u00f3n pr\u00e1ctica de c\u00f3mo utilizar algunas de estas herramientas: ChatGPT, DALL-E (Image Creator).<\/li>\n<\/ul>\n<p>\u00bfTe interesa? Tienes toda la informaci\u00f3n y puedes inscribirte en el siguiente\u00a0<span class=\"title_with_yellow_after\"><a href=\"https:\/\/www.amec.es\/es\/pag595\/la-inteligencia-artificial-en-la-industria.htm\" data-href=\"https:\/\/www.amec.es\/es\/pag595\/la-inteligencia-artificial-en-la-industria.htm\">LINK<\/a><\/span><\/p>\n<p class=\"title_with_yellow_after\">Mas informaci\u00f3n<\/p>\n<p>Eva Pahissa &#8211;\u00a0<a href=\"mailto:epahissa@amec.es\">epahissa@amec.es<\/a>\u00a0&#8211; Telf.:\u00a0\u00a093 8077988<\/p>\n<\/div>\n<\/article>\n<\/section>\n<\/div>\n<\/div>\n","protected":false},"template":"","class_list":["post-6281","agendas","type-agendas","status-publish","hentry"],"acf":[],"_links":{"self":[{"href":"https:\/\/en.amec.es\/index.php\/wp-json\/wp\/v2\/agendas\/6281","targetHints":{"allow":["GET"]}}],"collection":[{"href":"https:\/\/en.amec.es\/index.php\/wp-json\/wp\/v2\/agendas"}],"about":[{"href":"https:\/\/en.amec.es\/index.php\/wp-json\/wp\/v2\/types\/agendas"}],"version-history":[{"count":0,"href":"https:\/\/en.amec.es\/index.php\/wp-json\/wp\/v2\/agendas\/6281\/revisions"}],"wp:attachment":[{"href":"https:\/\/en.amec.es\/index.php\/wp-json\/wp\/v2\/media?parent=6281"}],"curies":[{"name":"wp","href":"https:\/\/api.w.org\/{rel}","templated":true}]}}