{"id":6291,"date":"2023-09-05T06:11:48","date_gmt":"2023-09-05T06:11:48","guid":{"rendered":"https:\/\/en.amec.es\/?post_type=agendas&#038;p=6291"},"modified":"2023-09-07T11:01:33","modified_gmt":"2023-09-07T11:01:33","slug":"feria-pollutec-lyon-2023","status":"publish","type":"agendas","link":"https:\/\/en.amec.es\/index.php\/agendas\/feria-pollutec-lyon-2023\/","title":{"rendered":"Feria Pollutec Lyon 2023"},"content":{"rendered":"<div class=\"portletDetailAgenda\">\n<div class=\"amplada-pagina descripcion\">\n<p><strong>Pollutec Lyon<\/strong>, que tendr\u00e1 lugar del<strong>\u00a010 al 13 de octubre<\/strong>, es una de las ferias m\u00e1s importantes que se celebran sobre Soluciones Medioambientales.\u00a0En esta edici\u00f3n se espera a m\u00e1s de 50.000 visitantes procedentes de m\u00e1s de 130 pa\u00edses.<\/p>\n<p><strong>Los sectores representados son:<\/strong><\/p>\n<p>&nbsp;<\/p>\n<p>1. Gesti\u00f3n de residuos.<\/p>\n<p>2. Tratamiento de aguas.<\/p>\n<p>3. Energ\u00eda y Eficiencia Energ\u00e9tica<\/p>\n<p>4. Tratamiento de \u00e1reas y suelos contaminados<\/p>\n<p>5. Ciudades sostenibles<\/p>\n<p>6. Calidad del aire, contaminaci\u00f3n ac\u00fastica<\/p>\n<p>7. Instrumentaci\u00f3n, An\u00e1lisis y Metrolog\u00eda<\/p>\n<p>8. Gesti\u00f3n y Prevenci\u00f3n de Riesgos<\/p>\n<p>9. Biodiversidad y Ambientes Naturales<\/p>\n<p>10. Instituciones<\/p>\n<p>11. Soluciones Medioambientales para la Tierra y el Mar<\/p>\n<p>&nbsp;<\/p>\n<h1 class=\"title_with_yellow_after\">Tipo de participaci\u00f3n<\/h1>\n<p>Desde amec estamos organizando una\u00a0<strong>participaci\u00f3n con ayuda de ICEX<\/strong>.\u00a0Haz clic\u00a0<a href=\"https:\/\/www.amec.es\/es\/pag564\/pollutec-2023-formulario-ayuda-icex.htm\" data-href=\"https:\/\/www.amec.es\/es\/pag564\/pollutec-2023-formulario-ayuda-icex.htm\">aqu\u00ed\u00a0<\/a>para acceder al formulario de inscripci\u00f3n y consulta todas las condiciones de participaci\u00f3n en la\u00a0<a title=\"ayuda_icex_pollutec\" href=\"https:\/\/www.amec.es\/files\/doc499\/fa-pollutec-2023-francia-amec-urbis.pdf\" data-href=\"https:\/\/www.amec.es\/files\/doc499\/fa-pollutec-2023-francia-amec-urbis.pdf\">convocatoria adjunta<\/a>.. Tienes de plazo hasta el\u00a0<strong>31 de julio de 2023<\/strong>.<\/p>\n<p>&nbsp;<\/p>\n<p>La gesti\u00f3n de la ayuda ICEX para la participaci\u00f3n agrupada incluye:<\/p>\n<p>\u2022 Informaci\u00f3n sobre la feria.<br \/>\n\u2022 Informaci\u00f3n de los proyectos de decoraci\u00f3n seleccionados con las especificaciones necesarias para recibir la ayuda otorgada para la actividad.<br \/>\n\u2022 Informaci\u00f3n de los proveedores log\u00edsticos y de transporte seleccionados con informaci\u00f3n sobre la documentaci\u00f3n necesaria, as\u00ed como fechas l\u00edmite de entrega de mercanc\u00edas.<\/p>\n<p>&nbsp;<\/p>\n<p>Esta actuaci\u00f3n forma parte del programa de actividades de promoci\u00f3n sectorial de amec urbis presentado a ICEX Espa\u00f1a Exportaci\u00f3n e Inversiones, de acuerdo con el cual,\u00a0<strong>el importe m\u00e1ximo total de la ayuda ICEX ser\u00e1 de 18.000.- euros<\/strong>. Los conceptos susceptibles de apoyo son espacio, decoraci\u00f3n y transporte.<\/p>\n<p>Siguiendo con las directrices marcadas por ICEX Espa\u00f1a Exportaci\u00f3n e Inversiones, esta ayuda tendr\u00e1 los siguientes condicionantes:<\/p>\n<p>\u2022 Hasta un<strong>\u00a025% del alquiler del espacio, decoraci\u00f3n y transporte<\/strong>, para aquellas empresas para las que esta sea su segunda a quinta participaci\u00f3n en la feria con ayuda de ICEX Espa\u00f1a Exportaci\u00f3n e Inversiones (contabilizando a partir de 2003, sin contar los a\u00f1os 2020, 2021, 2022 y 2023).<br \/>\n\u2022 Hasta un\u00a0<strong>30% del alquiler del espacio, decoraci\u00f3n y transporte<\/strong>, para aquellas empresas que participen por primera vez con ayuda de ICEX Espa\u00f1a Exportaci\u00f3n e Inversiones.<\/p>\n<p>&nbsp;<\/p>\n<p>Consulta todas las condiciones de participaci\u00f3n en la\u00a0<a title=\"ayuda_icex_pollutec\" href=\"https:\/\/www.amec.es\/files\/doc499\/fa-pollutec-2023-francia-amec-urbis.pdf\">convocatoria adjunta<\/a>.<\/p>\n<p>&nbsp;<\/p>\n<p>Haz clic\u00a0<a href=\"https:\/\/www.amec.es\/es\/pag564\/pollutec-2023-formulario-ayuda-icex.htm\" data-href=\"https:\/\/www.amec.es\/es\/pag564\/pollutec-2023-formulario-ayuda-icex.htm\">aqu\u00ed\u00a0<\/a>para acceder al formulario de inscripci\u00f3n. Tienes de plazo hasta el\u00a0<strong>31 de julio de 2023<\/strong>.<\/p>\n<p>&nbsp;<\/p>\n<h1 class=\"title_with_yellow_after\">No te lo pierdas<\/h1>\n<p>\u00bfTe intresa alg\u00fan servicio de promoci\u00f3n digital o log\u00edsitca para la feria? Ponte en contacto con nosotros: jmlorca@amec.es<\/p>\n<\/div>\n<\/div>\n<p>s<\/p>\n<div class=\"download_documents_amec amplada-pagina\">\n<h2 class=\"main_title\">Documentos a descargar<\/h2>\n<ul class=\"list-amec\">\n<li><img decoding=\"async\" class=\"folder_icon\" src=\"https:\/\/en.amec.es\/wp-content\/uploads\/2023\/09\/folder_icon.svg\" alt=\"fa-pollutec-2023-francia-amec-urbis.pdf (2,25 MB)\" \/>FA POLLUTEC 2023 &#8211; FRANCIA &#8211; AMEC URBIS<a class=\"document\" title=\"fa-pollutec-2023-francia-amec-urbis.pdf (2,25 MB)\" href=\"https:\/\/www.amec.es\/es\/files\/doc491\/fa-pollutec-2023-francia-amec-urbis.pdf\" target=\"_blank\" rel=\"noopener\"><img decoding=\"async\" class=\"download_icon\" src=\"https:\/\/en.amec.es\/wp-content\/uploads\/2023\/09\/download_icon.svg\" alt=\"fa-pollutec-2023-francia-amec-urbis.pdf (2,25 MB)\" \/><\/a><\/li>\n<li><img decoding=\"async\" class=\"folder_icon\" src=\"https:\/\/en.amec.es\/wp-content\/uploads\/2023\/09\/folder_icon.svg\" alt=\"adenda-fa-pollutec-2023-francia-amec-urbis.pdf (165,85 KB)\" \/>ADENDA FA POLLUTEC 2023 &#8211; FRANCIA &#8211; AMEC URBIS<\/li>\n<\/ul>\n<\/div>\n","protected":false},"template":"","class_list":["post-6291","agendas","type-agendas","status-publish","hentry"],"acf":[],"_links":{"self":[{"href":"https:\/\/en.amec.es\/index.php\/wp-json\/wp\/v2\/agendas\/6291","targetHints":{"allow":["GET"]}}],"collection":[{"href":"https:\/\/en.amec.es\/index.php\/wp-json\/wp\/v2\/agendas"}],"about":[{"href":"https:\/\/en.amec.es\/index.php\/wp-json\/wp\/v2\/types\/agendas"}],"version-history":[{"count":0,"href":"https:\/\/en.amec.es\/index.php\/wp-json\/wp\/v2\/agendas\/6291\/revisions"}],"wp:attachment":[{"href":"https:\/\/en.amec.es\/index.php\/wp-json\/wp\/v2\/media?parent=6291"}],"curies":[{"name":"wp","href":"https:\/\/api.w.org\/{rel}","templated":true}]}}