{"id":6011,"date":"2023-08-08T08:38:32","date_gmt":"2023-08-08T08:38:32","guid":{"rendered":"https:\/\/en.amec.es\/index.php\/internacionalitza-mes\/cursos-internacionalitzacio\/soft-skills-per-fer-negocis-a-les-economies-en-creixement\/"},"modified":"2023-08-31T10:07:14","modified_gmt":"2023-08-31T10:07:14","slug":"soft-skills-per-fer-negocis-a-les-economies-en-creixement","status":"publish","type":"page","link":"https:\/\/en.amec.es\/index.php\/internacionalitza-mes\/cursos-internacionalitzacio\/soft-skills-per-fer-negocis-a-les-economies-en-creixement\/","title":{"rendered":"Soft skills per fer negocis a les economies en creixement"},"content":{"rendered":"\t\t<div data-elementor-type=\"wp-page\" data-elementor-id=\"6011\" class=\"elementor elementor-6011\" data-elementor-post-type=\"page\">\n\t\t\t\t\t\t\t\t\t<section class=\"elementor-section elementor-top-section elementor-element elementor-element-898d710 elementor-section-boxed elementor-section-height-default elementor-section-height-default\" data-id=\"898d710\" data-element_type=\"section\" data-settings=\"{&quot;background_background&quot;:&quot;classic&quot;}\">\n\t\t\t\t\t\t<div class=\"elementor-container elementor-column-gap-default\">\n\t\t\t\t\t<div class=\"elementor-column elementor-col-100 elementor-top-column elementor-element elementor-element-3c9e8b1\" data-id=\"3c9e8b1\" data-element_type=\"column\">\n\t\t\t<div class=\"elementor-widget-wrap elementor-element-populated\">\n\t\t\t\t\t\t\t\t<div class=\"elementor-element elementor-element-bd17299 elementor-widget-divider--view-line elementor-widget elementor-widget-global elementor-global-159 elementor-widget-divider\" data-id=\"bd17299\" data-element_type=\"widget\" data-widget_type=\"divider.default\">\n\t\t\t\t<div class=\"elementor-widget-container\">\n\t\t\t<style>\/*! elementor - v3.18.0 - 20-12-2023 *\/\n.elementor-widget-divider{--divider-border-style:none;--divider-border-width:1px;--divider-color:#0c0d0e;--divider-icon-size:20px;--divider-element-spacing:10px;--divider-pattern-height:24px;--divider-pattern-size:20px;--divider-pattern-url:none;--divider-pattern-repeat:repeat-x}.elementor-widget-divider .elementor-divider{display:flex}.elementor-widget-divider .elementor-divider__text{font-size:15px;line-height:1;max-width:95%}.elementor-widget-divider .elementor-divider__element{margin:0 var(--divider-element-spacing);flex-shrink:0}.elementor-widget-divider .elementor-icon{font-size:var(--divider-icon-size)}.elementor-widget-divider .elementor-divider-separator{display:flex;margin:0;direction:ltr}.elementor-widget-divider--view-line_icon .elementor-divider-separator,.elementor-widget-divider--view-line_text .elementor-divider-separator{align-items:center}.elementor-widget-divider--view-line_icon .elementor-divider-separator:after,.elementor-widget-divider--view-line_icon .elementor-divider-separator:before,.elementor-widget-divider--view-line_text .elementor-divider-separator:after,.elementor-widget-divider--view-line_text .elementor-divider-separator:before{display:block;content:\"\";border-bottom:0;flex-grow:1;border-top:var(--divider-border-width) var(--divider-border-style) var(--divider-color)}.elementor-widget-divider--element-align-left .elementor-divider .elementor-divider-separator>.elementor-divider__svg:first-of-type{flex-grow:0;flex-shrink:100}.elementor-widget-divider--element-align-left .elementor-divider-separator:before{content:none}.elementor-widget-divider--element-align-left .elementor-divider__element{margin-left:0}.elementor-widget-divider--element-align-right .elementor-divider .elementor-divider-separator>.elementor-divider__svg:last-of-type{flex-grow:0;flex-shrink:100}.elementor-widget-divider--element-align-right .elementor-divider-separator:after{content:none}.elementor-widget-divider--element-align-right .elementor-divider__element{margin-right:0}.elementor-widget-divider:not(.elementor-widget-divider--view-line_text):not(.elementor-widget-divider--view-line_icon) .elementor-divider-separator{border-top:var(--divider-border-width) var(--divider-border-style) var(--divider-color)}.elementor-widget-divider--separator-type-pattern{--divider-border-style:none}.elementor-widget-divider--separator-type-pattern.elementor-widget-divider--view-line .elementor-divider-separator,.elementor-widget-divider--separator-type-pattern:not(.elementor-widget-divider--view-line) .elementor-divider-separator:after,.elementor-widget-divider--separator-type-pattern:not(.elementor-widget-divider--view-line) .elementor-divider-separator:before,.elementor-widget-divider--separator-type-pattern:not([class*=elementor-widget-divider--view]) .elementor-divider-separator{width:100%;min-height:var(--divider-pattern-height);-webkit-mask-size:var(--divider-pattern-size) 100%;mask-size:var(--divider-pattern-size) 100%;-webkit-mask-repeat:var(--divider-pattern-repeat);mask-repeat:var(--divider-pattern-repeat);background-color:var(--divider-color);-webkit-mask-image:var(--divider-pattern-url);mask-image:var(--divider-pattern-url)}.elementor-widget-divider--no-spacing{--divider-pattern-size:auto}.elementor-widget-divider--bg-round{--divider-pattern-repeat:round}.rtl .elementor-widget-divider .elementor-divider__text{direction:rtl}.e-con-inner>.elementor-widget-divider,.e-con>.elementor-widget-divider{width:var(--container-widget-width,100%);--flex-grow:var(--container-widget-flex-grow)}<\/style>\t\t<div class=\"elementor-divider\">\n\t\t\t<span class=\"elementor-divider-separator\">\n\t\t\t\t\t\t<\/span>\n\t\t<\/div>\n\t\t\t\t<\/div>\n\t\t\t\t<\/div>\n\t\t\t\t\t<\/div>\n\t\t<\/div>\n\t\t\t\t\t\t\t<\/div>\n\t\t<\/section>\n\t\t\t\t<section class=\"elementor-section elementor-top-section elementor-element elementor-element-9182f0a elementor-section-boxed elementor-section-height-default elementor-section-height-default\" data-id=\"9182f0a\" data-element_type=\"section\" data-settings=\"{&quot;background_background&quot;:&quot;classic&quot;}\">\n\t\t\t\t\t\t<div class=\"elementor-container elementor-column-gap-default\">\n\t\t\t\t\t<div class=\"elementor-column elementor-col-33 elementor-top-column elementor-element elementor-element-1651adf\" data-id=\"1651adf\" data-element_type=\"column\">\n\t\t\t<div class=\"elementor-widget-wrap elementor-element-populated\">\n\t\t\t\t\t\t\t\t<div class=\"elementor-element elementor-element-580557b elementor-widget elementor-widget-heading\" data-id=\"580557b\" data-element_type=\"widget\" data-widget_type=\"heading.default\">\n\t\t\t\t<div class=\"elementor-widget-container\">\n\t\t\t<style>\/*! elementor - v3.18.0 - 20-12-2023 *\/\n.elementor-heading-title{padding:0;margin:0;line-height:1}.elementor-widget-heading .elementor-heading-title[class*=elementor-size-]>a{color:inherit;font-size:inherit;line-height:inherit}.elementor-widget-heading .elementor-heading-title.elementor-size-small{font-size:15px}.elementor-widget-heading .elementor-heading-title.elementor-size-medium{font-size:19px}.elementor-widget-heading .elementor-heading-title.elementor-size-large{font-size:29px}.elementor-widget-heading .elementor-heading-title.elementor-size-xl{font-size:39px}.elementor-widget-heading .elementor-heading-title.elementor-size-xxl{font-size:59px}<\/style><h2 class=\"elementor-heading-title elementor-size-default\">Soft skills per fer negocis a les economies en creixement\n<\/h2>\t\t<\/div>\n\t\t\t\t<\/div>\n\t\t\t\t\t<\/div>\n\t\t<\/div>\n\t\t\t\t<div class=\"elementor-column elementor-col-66 elementor-top-column elementor-element elementor-element-d5da733\" data-id=\"d5da733\" data-element_type=\"column\">\n\t\t\t<div class=\"elementor-widget-wrap elementor-element-populated\">\n\t\t\t\t\t\t\t\t<div class=\"elementor-element elementor-element-7b791fe elementor-widget elementor-widget-text-editor\" data-id=\"7b791fe\" data-element_type=\"widget\" data-widget_type=\"text-editor.default\">\n\t\t\t\t<div class=\"elementor-widget-container\">\n\t\t\t<style>\/*! elementor - v3.18.0 - 20-12-2023 *\/\n.elementor-widget-text-editor.elementor-drop-cap-view-stacked .elementor-drop-cap{background-color:#69727d;color:#fff}.elementor-widget-text-editor.elementor-drop-cap-view-framed .elementor-drop-cap{color:#69727d;border:3px solid;background-color:transparent}.elementor-widget-text-editor:not(.elementor-drop-cap-view-default) .elementor-drop-cap{margin-top:8px}.elementor-widget-text-editor:not(.elementor-drop-cap-view-default) .elementor-drop-cap-letter{width:1em;height:1em}.elementor-widget-text-editor .elementor-drop-cap{float:left;text-align:center;line-height:1;font-size:50px}.elementor-widget-text-editor .elementor-drop-cap-letter{display:inline-block}<\/style>\t\t\t\t<p>Noves dates 2023!<\/p>\n<p><strong>2 d&#8217;octubre &#8211; TURQUIA<\/strong><\/p>\n<p><strong>9 d&#8217;octubre &#8211; SU\u00c8CIA<\/strong><\/p>\n<p><strong>16 d&#8217;octubre &#8211; ESTATS UNITS<\/strong><\/p>\n<p><strong>23<\/strong> <strong>d&#8217;octubre &#8211; XINA<\/strong><\/p>\n<p><strong>30 d&#8217;octubre &#8211; ARABIA SAUDITA<\/strong><\/p>\n<p><strong>Horari de 9:30 a 11:30<\/strong><\/p>\n<ul>\n<li>Formaci\u00f3 de 10 hores dividida en 5 sessions de 2 hores cadascuna<\/li>\n<li>Programa online (amb 40% de descompte per als membres d&#8217; <em><strong>amec<\/strong><\/em>)<\/li>\n<\/ul>\n<p>La complexitat de la internacionalitzaci\u00f3 de les empreses passa cada cop m\u00e9s pel coneixement dels diferents interlocutors. Prove\u00efdors, clients, inversors, l&#8217;acc\u00e9s a la innovaci\u00f3 tecnol\u00f2gica i la gesti\u00f3 dels propis recursos humans requereix de manera creixent m\u00e9s d&#8217;aptituds per a la <strong>gesti\u00f3 de diferents referents culturals<\/strong>.<\/p>\n<p><strong>La gesti\u00f3 del temps<\/strong>, com preparar un viatge i una reuni\u00f3<strong>, les expectatives m\u00fatues de comportament<\/strong>, la jerarquia en la presa de decisions, la gesti\u00f3 de les emocions, <strong>el paper de la tradici\u00f3 i el col\u00b7lectiu, la influ\u00e8ncia de l&#8217;entorn en el comportament o la tipologia de pautes de consum i clients<\/strong> seran alguns dels punts que es tractaran en aquestes sessions. <\/p>\n<p><strong>\u00bfTe interesa? Pots inscriure&#8217;t mitjan\u00e7ant el formulari que apareix al final d&#8217;aquesta p\u00e0gina<\/strong><\/p>\n\t\t\t\t\t\t<\/div>\n\t\t\t\t<\/div>\n\t\t\t\t\t<\/div>\n\t\t<\/div>\n\t\t\t\t\t\t\t<\/div>\n\t\t<\/section>\n\t\t\t\t<section class=\"elementor-section elementor-top-section elementor-element elementor-element-4f5fe12 elementor-section-boxed elementor-section-height-default elementor-section-height-default\" data-id=\"4f5fe12\" data-element_type=\"section\" data-settings=\"{&quot;background_background&quot;:&quot;classic&quot;}\">\n\t\t\t\t\t\t<div class=\"elementor-container elementor-column-gap-default\">\n\t\t\t\t\t<div class=\"elementor-column elementor-col-33 elementor-top-column elementor-element elementor-element-a009c6c\" data-id=\"a009c6c\" data-element_type=\"column\">\n\t\t\t<div class=\"elementor-widget-wrap elementor-element-populated\">\n\t\t\t\t\t\t\t\t<div class=\"elementor-element elementor-element-b1ee26b elementor-widget elementor-widget-heading\" data-id=\"b1ee26b\" data-element_type=\"widget\" data-widget_type=\"heading.default\">\n\t\t\t\t<div class=\"elementor-widget-container\">\n\t\t\t<h2 class=\"elementor-heading-title elementor-size-default\">Qu\u00e8 t'explicarem\n<\/h2>\t\t<\/div>\n\t\t\t\t<\/div>\n\t\t\t\t<div class=\"elementor-element elementor-element-64b766e elementor-widget-divider--view-line elementor-widget elementor-widget-global elementor-global-159 elementor-widget-divider\" data-id=\"64b766e\" data-element_type=\"widget\" data-widget_type=\"divider.default\">\n\t\t\t\t<div class=\"elementor-widget-container\">\n\t\t\t\t\t<div class=\"elementor-divider\">\n\t\t\t<span class=\"elementor-divider-separator\">\n\t\t\t\t\t\t<\/span>\n\t\t<\/div>\n\t\t\t\t<\/div>\n\t\t\t\t<\/div>\n\t\t\t\t\t<\/div>\n\t\t<\/div>\n\t\t\t\t<div class=\"elementor-column elementor-col-66 elementor-top-column elementor-element elementor-element-cb64463\" data-id=\"cb64463\" data-element_type=\"column\">\n\t\t\t<div class=\"elementor-widget-wrap elementor-element-populated\">\n\t\t\t\t\t\t\t\t<div class=\"elementor-element elementor-element-b10a9e3 elementor-widget elementor-widget-text-editor\" data-id=\"b10a9e3\" data-element_type=\"widget\" data-widget_type=\"text-editor.default\">\n\t\t\t\t<div class=\"elementor-widget-container\">\n\t\t\t\t\t\t\t<p>Aquesta formaci\u00f3 est\u00e0 repartida en 5 m\u00f3duls independients entre ells<\/p>\n<p>En aquesta ocasi\u00f3 tractarem sobre les cultures dels seg\u00fcents mercats:<\/p>\n<ol>\n<li>Turquia &#8211; Javier Albarrac\u00edn &#8211; 2 d&#8217;octubre<\/li>\n<li>Su\u00e8cia &#8211; Johan Cavallini &#8211; 9 d&#8217;octubre<\/li>\n<li>Estats Units &#8211; Annette Abstoss &#8211; 16 d&#8217;octubre<\/li>\n<li>Xina &#8211; Miquel Cardona &#8211; 23 d&#8217;octubre<\/li>\n<li>Arabia Saudita &#8211; Javier Albarrac\u00edn &#8211; 30 d&#8217;octubre<\/li>\n<\/ol>\n\t\t\t\t\t\t<\/div>\n\t\t\t\t<\/div>\n\t\t\t\t\t<\/div>\n\t\t<\/div>\n\t\t\t\t\t\t\t<\/div>\n\t\t<\/section>\n\t\t\t\t<section class=\"elementor-section elementor-top-section elementor-element elementor-element-77bab0f elementor-section-boxed elementor-section-height-default elementor-section-height-default\" data-id=\"77bab0f\" data-element_type=\"section\" data-settings=\"{&quot;background_background&quot;:&quot;classic&quot;}\">\n\t\t\t\t\t\t<div class=\"elementor-container elementor-column-gap-default\">\n\t\t\t\t\t<div class=\"elementor-column elementor-col-33 elementor-top-column elementor-element elementor-element-1c2909a\" data-id=\"1c2909a\" data-element_type=\"column\">\n\t\t\t<div class=\"elementor-widget-wrap elementor-element-populated\">\n\t\t\t\t\t\t\t\t<div class=\"elementor-element elementor-element-5697fc7 elementor-widget elementor-widget-heading\" data-id=\"5697fc7\" data-element_type=\"widget\" data-widget_type=\"heading.default\">\n\t\t\t\t<div class=\"elementor-widget-container\">\n\t\t\t<h2 class=\"elementor-heading-title elementor-size-default\">Quins beneficis obtindrem\n<\/h2>\t\t<\/div>\n\t\t\t\t<\/div>\n\t\t\t\t<div class=\"elementor-element elementor-element-c2fc911 elementor-widget-divider--view-line elementor-widget elementor-widget-global elementor-global-159 elementor-widget-divider\" data-id=\"c2fc911\" data-element_type=\"widget\" data-widget_type=\"divider.default\">\n\t\t\t\t<div class=\"elementor-widget-container\">\n\t\t\t\t\t<div class=\"elementor-divider\">\n\t\t\t<span class=\"elementor-divider-separator\">\n\t\t\t\t\t\t<\/span>\n\t\t<\/div>\n\t\t\t\t<\/div>\n\t\t\t\t<\/div>\n\t\t\t\t\t<\/div>\n\t\t<\/div>\n\t\t\t\t<div class=\"elementor-column elementor-col-66 elementor-top-column elementor-element elementor-element-76be5fc\" data-id=\"76be5fc\" data-element_type=\"column\">\n\t\t\t<div class=\"elementor-widget-wrap elementor-element-populated\">\n\t\t\t\t\t\t\t\t<div class=\"elementor-element elementor-element-97d81c4 elementor-widget elementor-widget-text-editor\" data-id=\"97d81c4\" data-element_type=\"widget\" data-widget_type=\"text-editor.default\">\n\t\t\t\t<div class=\"elementor-widget-container\">\n\t\t\t\t\t\t\t<p>Aquesta formaci\u00f3 pret\u00e9n donar les <strong>claus i el coneixement<\/strong> necessari per entendre i gestionar algunes de les principals <strong>cultures dels negocis actuals.<\/strong><\/p>\n<p>Aix\u00ed, aquesta formaci\u00f3 est\u00e0 adre\u00e7ada a l&#8217;empresa en la seva totalitat, sent d&#8217;inter\u00e8s tant per als departaments de recursos humans com per al departament comercial, internacional, prove\u00efdors, direcci\u00f3 o relacions p\u00fabliques.<\/p>\n<p>Proposem <strong>5 tallers<\/strong> als que pots assistir en la seva totalitat o b\u00e9 als espec\u00edfics del pa\u00eds del teu inter\u00e8s<\/p>\n\t\t\t\t\t\t<\/div>\n\t\t\t\t<\/div>\n\t\t\t\t\t<\/div>\n\t\t<\/div>\n\t\t\t\t\t\t\t<\/div>\n\t\t<\/section>\n\t\t\t\t<section class=\"elementor-section elementor-top-section elementor-element elementor-element-72ce720 elementor-section-boxed elementor-section-height-default elementor-section-height-default\" data-id=\"72ce720\" data-element_type=\"section\" data-settings=\"{&quot;background_background&quot;:&quot;classic&quot;}\">\n\t\t\t\t\t\t<div class=\"elementor-container elementor-column-gap-default\">\n\t\t\t\t\t<div class=\"elementor-column elementor-col-100 elementor-top-column elementor-element elementor-element-9d4c944\" data-id=\"9d4c944\" data-element_type=\"column\">\n\t\t\t<div class=\"elementor-widget-wrap elementor-element-populated\">\n\t\t\t\t\t\t\t\t<div class=\"elementor-element elementor-element-253b2d9 elementor-widget elementor-widget-heading\" data-id=\"253b2d9\" data-element_type=\"widget\" data-widget_type=\"heading.default\">\n\t\t\t\t<div class=\"elementor-widget-container\">\n\t\t\t<h3 class=\"elementor-heading-title elementor-size-default\">Formadors\n<\/h3>\t\t<\/div>\n\t\t\t\t<\/div>\n\t\t\t\t<div class=\"elementor-element elementor-element-ab5d042 elementor-widget-divider--view-line elementor-widget elementor-widget-global elementor-global-159 elementor-widget-divider\" data-id=\"ab5d042\" data-element_type=\"widget\" data-widget_type=\"divider.default\">\n\t\t\t\t<div class=\"elementor-widget-container\">\n\t\t\t\t\t<div class=\"elementor-divider\">\n\t\t\t<span class=\"elementor-divider-separator\">\n\t\t\t\t\t\t<\/span>\n\t\t<\/div>\n\t\t\t\t<\/div>\n\t\t\t\t<\/div>\n\t\t\t\t\t<\/div>\n\t\t<\/div>\n\t\t\t\t\t\t\t<\/div>\n\t\t<\/section>\n\t\t\t\t<section class=\"elementor-section elementor-top-section elementor-element elementor-element-3615cb8 elementor-section-boxed elementor-section-height-default elementor-section-height-default\" data-id=\"3615cb8\" data-element_type=\"section\" data-settings=\"{&quot;background_background&quot;:&quot;classic&quot;}\">\n\t\t\t\t\t\t<div class=\"elementor-container elementor-column-gap-default\">\n\t\t\t\t\t<div class=\"elementor-column elementor-col-33 elementor-top-column elementor-element elementor-element-534f397\" data-id=\"534f397\" data-element_type=\"column\">\n\t\t\t<div class=\"elementor-widget-wrap elementor-element-populated\">\n\t\t\t\t\t\t\t\t<div class=\"elementor-element elementor-element-bd14b7b elementor-flip-box--effect-slide elementor-flip-box--direction-up elementor-widget elementor-widget-flip-box\" data-id=\"bd14b7b\" data-element_type=\"widget\" data-widget_type=\"flip-box.default\">\n\t\t\t\t<div class=\"elementor-widget-container\">\n\t\t\t<link rel=\"stylesheet\" href=\"https:\/\/en.amec.es\/wp-content\/plugins\/elementor-pro\/assets\/css\/widget-flip-box.min.css\">\t\t<div class=\"elementor-flip-box\" tabindex=\"0\">\n\t\t\t<div class=\"elementor-flip-box__layer elementor-flip-box__front\">\n\t\t\t\t<div class=\"elementor-flip-box__layer__overlay\">\n\t\t\t\t\t<div class=\"elementor-flip-box__layer__inner\">\n\t\t\t\t\t\t\n\t\t\t\t\t\t\t\t\t\t\t\t\t<h3 class=\"elementor-flip-box__layer__title\">\n\t\t\t\t\t\t\t\tJavier Albarrac\u00edn\t\t\t\t\t\t\t<\/h3>\n\t\t\t\t\t\t\n\t\t\t\t\t\t\t\t\t\t\t<\/div>\n\t\t\t\t<\/div>\n\t\t\t<\/div>\n\t\t\t<div class=\"elementor-flip-box__layer elementor-flip-box__back\">\n\t\t\t<div class=\"elementor-flip-box__layer__overlay\">\n\t\t\t\t<div class=\"elementor-flip-box__layer__inner\">\n\t\t\t\t\t\t\t\t\t\t\t<h3 class=\"elementor-flip-box__layer__title\">\n\t\t\t\t\t\t\tJavier Albarrac\u00edn\t\t\t\t\t\t<\/h3>\n\t\t\t\t\t\n\t\t\t\t\t\t\t\t\t\t\t<div class=\"elementor-flip-box__layer__description\">\n\t\t\t\t\t\t\tLlicenciat en Ci\u00e8ncies Pol\u00edtiques i de l'Administraci\u00f3 per la UAB i el M\u00e0ster en relacions Internacionals de l'Orient Mitj\u00e0 (UAB). Despr\u00e9s de treballar a l'Oficina Comercial de l'Ambaixada d'Espanya a Istanbul (Turquia), \u00e9s responsable durant m\u00e9s de 9 anys responsable a ACCI\u00d3 dels mercats del Nord d'\u00c0frica i l'Orient Mitj\u00e0. Posteriorment \u00e9s durant 10 anys director de desenvolupament socioecon\u00f2mic del think tank Institut Europeu de la Mediterr\u00e0nia (IEMed). Des del 2017 \u00e9s consultor especialitzat en mercats i consumidors musulmans, treballant per a diferents projectes de Fira de Barcelona (Alimentaria?), PRODECA i diferents empreses aix\u00ed com professor a CETT-UB, UAB, Universitat Blanquerna i la Barcelona Executive Business School (BEBS). \u00c9s formador sobre cultura \u00e0rab dels negocis per a multinacionals com AENA o Roca aix\u00ed com per a pimes i associacions empresarials i institucions p\u00fabliques.\n\n\t\t\t\t\t\t<\/div>\n\t\t\t\t\t\n\t\t\t\t\t\t\t\t<\/div>\n\t\t<\/div>\n\t\t<\/div>\n\t\t<\/div>\n\t\t\t\t<\/div>\n\t\t\t\t<\/div>\n\t\t\t\t\t<\/div>\n\t\t<\/div>\n\t\t\t\t<div class=\"elementor-column elementor-col-33 elementor-top-column elementor-element elementor-element-94c59e0\" data-id=\"94c59e0\" data-element_type=\"column\">\n\t\t\t<div class=\"elementor-widget-wrap elementor-element-populated\">\n\t\t\t\t\t\t\t\t<div class=\"elementor-element elementor-element-f7592c7 elementor-flip-box--effect-slide elementor-flip-box--direction-up elementor-widget elementor-widget-flip-box\" data-id=\"f7592c7\" data-element_type=\"widget\" data-widget_type=\"flip-box.default\">\n\t\t\t\t<div class=\"elementor-widget-container\">\n\t\t\t\t\t<div class=\"elementor-flip-box\" tabindex=\"0\">\n\t\t\t<div class=\"elementor-flip-box__layer elementor-flip-box__front\">\n\t\t\t\t<div class=\"elementor-flip-box__layer__overlay\">\n\t\t\t\t\t<div class=\"elementor-flip-box__layer__inner\">\n\t\t\t\t\t\t\n\t\t\t\t\t\t\t\t\t\t\t\t\t<h3 class=\"elementor-flip-box__layer__title\">\n\t\t\t\t\t\t\t\tMiquel Cardona\t\t\t\t\t\t\t<\/h3>\n\t\t\t\t\t\t\n\t\t\t\t\t\t\t\t\t\t\t<\/div>\n\t\t\t\t<\/div>\n\t\t\t<\/div>\n\t\t\t<div class=\"elementor-flip-box__layer elementor-flip-box__back\">\n\t\t\t<div class=\"elementor-flip-box__layer__overlay\">\n\t\t\t\t<div class=\"elementor-flip-box__layer__inner\">\n\t\t\t\t\t\t\t\t\t\t\t<h3 class=\"elementor-flip-box__layer__title\">\n\t\t\t\t\t\t\tMiquel Cardona\t\t\t\t\t\t<\/h3>\n\t\t\t\t\t\n\t\t\t\t\t\t\t\t\t\t\t<div class=\"elementor-flip-box__layer__description\">\n\t\t\t\t\t\t\tMiquel Cardona \u00e9s un professional del desenvolupament del negoci internacional amb m\u00e9s de 15 anys d'experi\u00e8ncia multisectorial. Actualment \u00e9s directiu de PDPAOLA, una marca de joies en l\u00ednia. \u00c9s llicenciat en comer\u00e7 internacional i empresarials per la UPF i en estudis d'\u00c0sia Oriental per la UOC. MBA Esade, Miquel ha viscut durant dues etapes a la Xina continental, una primera en un projecte industrial (2005-06) i una altra com a responsable comercial de multinacionals espanyoles (2011-2015, Flamagas i Werfen). El 2015 Miquel va fundar Oriental Retail Ventures a Hong Kong una consultoria especialitzada a expandir marques europees a la Xina. Ha treballat per a clients com American Vintage, iFLY i Pikolinos entre altres companyies.\n\n\t\t\t\t\t\t<\/div>\n\t\t\t\t\t\n\t\t\t\t\t\t\t\t<\/div>\n\t\t<\/div>\n\t\t<\/div>\n\t\t<\/div>\n\t\t\t\t<\/div>\n\t\t\t\t<\/div>\n\t\t\t\t\t<\/div>\n\t\t<\/div>\n\t\t\t\t<div class=\"elementor-column elementor-col-33 elementor-top-column elementor-element elementor-element-d08de06\" data-id=\"d08de06\" data-element_type=\"column\">\n\t\t\t<div class=\"elementor-widget-wrap elementor-element-populated\">\n\t\t\t\t\t\t\t\t<div class=\"elementor-element elementor-element-6ae1b87 elementor-flip-box--effect-slide elementor-flip-box--direction-up elementor-widget elementor-widget-flip-box\" data-id=\"6ae1b87\" data-element_type=\"widget\" data-widget_type=\"flip-box.default\">\n\t\t\t\t<div class=\"elementor-widget-container\">\n\t\t\t\t\t<div class=\"elementor-flip-box\" tabindex=\"0\">\n\t\t\t<div class=\"elementor-flip-box__layer elementor-flip-box__front\">\n\t\t\t\t<div class=\"elementor-flip-box__layer__overlay\">\n\t\t\t\t\t<div class=\"elementor-flip-box__layer__inner\">\n\t\t\t\t\t\t\n\t\t\t\t\t\t\t\t\t\t\t\t\t<h3 class=\"elementor-flip-box__layer__title\">\n\t\t\t\t\t\t\t\tJohan Cavallini\t\t\t\t\t\t\t<\/h3>\n\t\t\t\t\t\t\n\t\t\t\t\t\t\t\t\t\t\t<\/div>\n\t\t\t\t<\/div>\n\t\t\t<\/div>\n\t\t\t<div class=\"elementor-flip-box__layer elementor-flip-box__back\">\n\t\t\t<div class=\"elementor-flip-box__layer__overlay\">\n\t\t\t\t<div class=\"elementor-flip-box__layer__inner\">\n\t\t\t\t\t\t\t\t\t\t\t<h3 class=\"elementor-flip-box__layer__title\">\n\t\t\t\t\t\t\tJohan Cavallini\t\t\t\t\t\t<\/h3>\n\t\t\t\t\t\n\t\t\t\t\t\t\t\t\t\t\t<div class=\"elementor-flip-box__layer__description\">\n\t\t\t\t\t\t\tM\u00e0ster en Ci\u00e8ncies dels Negocis Internacionals a la Facultat d'Economia i Dret Mercantil de la Universitat de G\u00f6teborg, Su\u00e8cia. \u00c9s President de la Cambra de Comer\u00e7 de Su\u00e8cia a Barcelona, Responsable de Desenvolupament de Negoci i Vendes. Pr\u00e8viament ha estat Consultor s\u00e8nior a Svensk Destinationsutveckling AB per al desenvolupament estrat\u00e8gic de destinacions transeuropeus. Acumula m\u00e9s de 20 anys d'experi\u00e8ncia a Mil\u00e0 i Barcelona com a Responsable de 'Visit Sweden'. Ha estat Director de Comptes de relacions amb Companyies A\u00e8ries, desenvolupant les relacions institucionals amb ambaixades, ministeris, OMD i cambres de comer\u00e7 locals. Amb anterioritat va ser Consultor de m\u00e0rqueting pel Swedish Trade Council a Mil\u00e0.\n\n\t\t\t\t\t\t<\/div>\n\t\t\t\t\t\n\t\t\t\t\t\t\t\t<\/div>\n\t\t<\/div>\n\t\t<\/div>\n\t\t<\/div>\n\t\t\t\t<\/div>\n\t\t\t\t<\/div>\n\t\t\t\t\t<\/div>\n\t\t<\/div>\n\t\t\t\t\t\t\t<\/div>\n\t\t<\/section>\n\t\t\t\t<section class=\"elementor-section elementor-top-section elementor-element elementor-element-47c158b elementor-section-boxed elementor-section-height-default elementor-section-height-default\" data-id=\"47c158b\" data-element_type=\"section\" data-settings=\"{&quot;background_background&quot;:&quot;classic&quot;}\">\n\t\t\t\t\t\t<div class=\"elementor-container elementor-column-gap-default\">\n\t\t\t\t\t<div class=\"elementor-column elementor-col-33 elementor-top-column elementor-element elementor-element-54beed5\" data-id=\"54beed5\" data-element_type=\"column\">\n\t\t\t<div class=\"elementor-widget-wrap elementor-element-populated\">\n\t\t\t\t\t\t\t\t<div class=\"elementor-element elementor-element-7be8bad elementor-flip-box--effect-slide elementor-flip-box--direction-up elementor-widget elementor-widget-flip-box\" data-id=\"7be8bad\" data-element_type=\"widget\" data-widget_type=\"flip-box.default\">\n\t\t\t\t<div class=\"elementor-widget-container\">\n\t\t\t\t\t<div class=\"elementor-flip-box\" tabindex=\"0\">\n\t\t\t<div class=\"elementor-flip-box__layer elementor-flip-box__front\">\n\t\t\t\t<div class=\"elementor-flip-box__layer__overlay\">\n\t\t\t\t\t<div class=\"elementor-flip-box__layer__inner\">\n\t\t\t\t\t\t\n\t\t\t\t\t\t\t\t\t\t\t\t\t<h3 class=\"elementor-flip-box__layer__title\">\n\t\t\t\t\t\t\t\tAnnette Abstoss\t\t\t\t\t\t\t<\/h3>\n\t\t\t\t\t\t\n\t\t\t\t\t\t\t\t\t\t\t<\/div>\n\t\t\t\t<\/div>\n\t\t\t<\/div>\n\t\t\t<div class=\"elementor-flip-box__layer elementor-flip-box__back\">\n\t\t\t<div class=\"elementor-flip-box__layer__overlay\">\n\t\t\t\t<div class=\"elementor-flip-box__layer__inner\">\n\t\t\t\t\t\t\t\t\t\t\t<h3 class=\"elementor-flip-box__layer__title\">\n\t\t\t\t\t\t\tAnnette Abstoss\t\t\t\t\t\t<\/h3>\n\t\t\t\t\t\n\t\t\t\t\t\t\t\t\t\t\t<div class=\"elementor-flip-box__layer__description\">\n\t\t\t\t\t\t\tProfessional nord-americana amb m\u00e9s de 20 anys d'experi\u00e8ncia treballant a Espanya per a empreses dels Estats Units i diferents marques d'aqu\u00ed. Pr\u00e8viament membre de l'equip de ger\u00e8ncia a l'empresa alemanya Stockheim D\u00fcsseldorf Flughafen. Especialitzada en m\u00e0rqueting, promoci\u00f3 i comunicaci\u00f3, amb especial \u00e8mfasi al sector alimentaci\u00f3. Les empreses nord-americanes per a les quals treballa se centren en la innovaci\u00f3, la sostenibilitat i la salut.\t\t\t\t\t\t<\/div>\n\t\t\t\t\t\n\t\t\t\t\t\t\t\t<\/div>\n\t\t<\/div>\n\t\t<\/div>\n\t\t<\/div>\n\t\t\t\t<\/div>\n\t\t\t\t<\/div>\n\t\t\t\t\t<\/div>\n\t\t<\/div>\n\t\t\t\t<div class=\"elementor-column elementor-col-33 elementor-top-column elementor-element elementor-element-36a5b03\" data-id=\"36a5b03\" data-element_type=\"column\">\n\t\t\t<div class=\"elementor-widget-wrap\">\n\t\t\t\t\t\t\t\t\t<\/div>\n\t\t<\/div>\n\t\t\t\t<div class=\"elementor-column elementor-col-33 elementor-top-column elementor-element elementor-element-f17943b\" data-id=\"f17943b\" data-element_type=\"column\">\n\t\t\t<div class=\"elementor-widget-wrap\">\n\t\t\t\t\t\t\t\t\t<\/div>\n\t\t<\/div>\n\t\t\t\t\t\t\t<\/div>\n\t\t<\/section>\n\t\t\t\t<section class=\"elementor-section elementor-top-section elementor-element elementor-element-b4a3476 elementor-section-boxed elementor-section-height-default elementor-section-height-default\" data-id=\"b4a3476\" data-element_type=\"section\" data-settings=\"{&quot;background_background&quot;:&quot;classic&quot;}\">\n\t\t\t\t\t\t<div class=\"elementor-container elementor-column-gap-default\">\n\t\t\t\t\t<div class=\"elementor-column elementor-col-100 elementor-top-column elementor-element elementor-element-9f6c355\" data-id=\"9f6c355\" data-element_type=\"column\">\n\t\t\t<div class=\"elementor-widget-wrap elementor-element-populated\">\n\t\t\t\t\t\t\t\t<div class=\"elementor-element elementor-element-5d099ae elementor-widget elementor-widget-heading\" data-id=\"5d099ae\" data-element_type=\"widget\" data-widget_type=\"heading.default\">\n\t\t\t\t<div class=\"elementor-widget-container\">\n\t\t\t<h3 class=\"elementor-heading-title elementor-size-default\">Fitxa t\u00e8cnica del programa\n<\/h3>\t\t<\/div>\n\t\t\t\t<\/div>\n\t\t\t\t<div class=\"elementor-element elementor-element-b0e242e elementor-widget-divider--view-line elementor-widget elementor-widget-global elementor-global-159 elementor-widget-divider\" data-id=\"b0e242e\" data-element_type=\"widget\" data-widget_type=\"divider.default\">\n\t\t\t\t<div class=\"elementor-widget-container\">\n\t\t\t\t\t<div class=\"elementor-divider\">\n\t\t\t<span class=\"elementor-divider-separator\">\n\t\t\t\t\t\t<\/span>\n\t\t<\/div>\n\t\t\t\t<\/div>\n\t\t\t\t<\/div>\n\t\t\t\t<section class=\"elementor-section elementor-inner-section elementor-element elementor-element-313023b elementor-section-boxed elementor-section-height-default elementor-section-height-default\" data-id=\"313023b\" data-element_type=\"section\">\n\t\t\t\t\t\t<div class=\"elementor-container elementor-column-gap-default\">\n\t\t\t\t\t<div class=\"elementor-column elementor-col-50 elementor-inner-column elementor-element elementor-element-d2134aa\" data-id=\"d2134aa\" data-element_type=\"column\">\n\t\t\t<div class=\"elementor-widget-wrap elementor-element-populated\">\n\t\t\t\t\t\t\t\t<div class=\"elementor-element elementor-element-4833f95 elementor-widget elementor-widget-image\" data-id=\"4833f95\" data-element_type=\"widget\" data-widget_type=\"image.default\">\n\t\t\t\t<div class=\"elementor-widget-container\">\n\t\t\t<style>\/*! elementor - v3.18.0 - 20-12-2023 *\/\n.elementor-widget-image{text-align:center}.elementor-widget-image a{display:inline-block}.elementor-widget-image a img[src$=\".svg\"]{width:48px}.elementor-widget-image img{vertical-align:middle;display:inline-block}<\/style>\t\t\t\t\t\t\t\t\t\t\t\t<img fetchpriority=\"high\" decoding=\"async\" width=\"800\" height=\"300\" src=\"https:\/\/en.amec.es\/wp-content\/uploads\/2023\/08\/diseno-sin-titulo-4.png\" class=\"attachment-large size-large wp-image-4588\" alt=\"\" srcset=\"https:\/\/en.amec.es\/wp-content\/uploads\/2023\/08\/diseno-sin-titulo-4.png 800w, https:\/\/en.amec.es\/wp-content\/uploads\/2023\/08\/diseno-sin-titulo-4-300x113.png 300w, https:\/\/en.amec.es\/wp-content\/uploads\/2023\/08\/diseno-sin-titulo-4-768x288.png 768w\" sizes=\"(max-width: 800px) 100vw, 800px\" \/>\t\t\t\t\t\t\t\t\t\t\t\t\t\t\t<\/div>\n\t\t\t\t<\/div>\n\t\t\t\t\t<\/div>\n\t\t<\/div>\n\t\t\t\t<div class=\"elementor-column elementor-col-50 elementor-inner-column elementor-element elementor-element-7505b7d\" data-id=\"7505b7d\" data-element_type=\"column\">\n\t\t\t<div class=\"elementor-widget-wrap elementor-element-populated\">\n\t\t\t\t\t\t\t\t<div class=\"elementor-element elementor-element-e7d7cdb elementor-widget elementor-widget-text-editor\" data-id=\"e7d7cdb\" data-element_type=\"widget\" data-widget_type=\"text-editor.default\">\n\t\t\t\t<div class=\"elementor-widget-container\">\n\t\t\t\t\t\t\t<p><strong>Les empreses membres <em>d&#8217;amec<\/em> tenen un 40% de descompte al preu<\/strong><\/p>\n<p>Preu per m\u00f2duls independents<\/p>\n<p>100 \u20ac + IVA empreses membres <strong><em>d&#8217;amec<\/em><\/strong><\/p>\n<p>168 \u20ac + IVA empreses no membres.<\/p>\n<p>Inscripci\u00f3 a tot el Programa:<\/p>\n<p>500 \u20ac + IVA empreses associades a <strong><em>amec<\/em><\/strong><\/p>\n<p>840 \u20ac + IVA empreses no associades.<\/p>\n\t\t\t\t\t\t<\/div>\n\t\t\t\t<\/div>\n\t\t\t\t\t<\/div>\n\t\t<\/div>\n\t\t\t\t\t\t\t<\/div>\n\t\t<\/section>\n\t\t\t\t<div class=\"elementor-element elementor-element-f3a990c elementor-widget elementor-widget-text-editor\" data-id=\"f3a990c\" data-element_type=\"widget\" data-widget_type=\"text-editor.default\">\n\t\t\t\t<div class=\"elementor-widget-container\">\n\t\t\t\t\t\t\t<p><strong>Formaci\u00f3 en col.laboraci\u00f3 amb: DIGITAL CATALONIA ALLIANCE<\/strong><\/p>\n<p>Nombre m\u00ednim d&#8217;assistents: 7<\/p>\n<p><strong>Pol\u00edtica de cancel\u00b7laci\u00f3<\/strong><\/p>\n<p>Per a cancel\u00b7lacions realitzades durant els 30 dies abans de l&#8217;inici del taller, es tornar\u00e0 el 75% de l&#8217;import.<\/p>\n<p>Per cancel\u00b7lacions realitzades durant els 15 dies abans de l&#8217;inici del taller, no se&#8217;n tornar\u00e0 l&#8217;import.<\/p>\n<p><strong>Gesti\u00f3 de la Bonificaci\u00f3 Fundae: <em>amec<\/em><\/strong> nom\u00e9s gestionar\u00e0 la bonificaci\u00f3 fundae als inscrits a tots els m\u00f2duls, per aix\u00f2 hem de disposar de la documentaci\u00f3 necess\u00e0ria 7 dies abans de l&#8217;inici del curs.<\/p>\n<p class=\"p1\">Tens alguna pregunta envia un correu a Raquel Pous <a href=\"mailto:rpous@amec.es\">rpous@amec.es<\/a><\/p>\n\t\t\t\t\t\t<\/div>\n\t\t\t\t<\/div>\n\t\t\t\t\t<\/div>\n\t\t<\/div>\n\t\t\t\t\t\t\t<\/div>\n\t\t<\/section>\n\t\t\t\t\t\t\t<\/div>\n\t\t","protected":false},"excerpt":{"rendered":"<p>Soft skills per fer negocis a les economies en creixement Noves dates 2023! 2 d&#8217;octubre &#8211; TURQUIA 9 d&#8217;octubre &#8211; SU\u00c8CIA 16 d&#8217;octubre &#8211; ESTATS UNITS 23 d&#8217;octubre &#8211; XINA 30 d&#8217;octubre &#8211; ARABIA SAUDITA Horari de 9:30 a 11:30 Formaci\u00f3 de 10 hores dividida en 5 sessions de 2 hores cadascuna Programa online (amb [&hellip;]<\/p>\n","protected":false},"author":1,"featured_media":4534,"parent":5971,"menu_order":0,"comment_status":"closed","ping_status":"closed","template":"","meta":{"inline_featured_image":false,"footnotes":""},"class_list":["post-6011","page","type-page","status-publish","has-post-thumbnail","hentry"],"acf":[],"_links":{"self":[{"href":"https:\/\/en.amec.es\/index.php\/wp-json\/wp\/v2\/pages\/6011","targetHints":{"allow":["GET"]}}],"collection":[{"href":"https:\/\/en.amec.es\/index.php\/wp-json\/wp\/v2\/pages"}],"about":[{"href":"https:\/\/en.amec.es\/index.php\/wp-json\/wp\/v2\/types\/page"}],"author":[{"embeddable":true,"href":"https:\/\/en.amec.es\/index.php\/wp-json\/wp\/v2\/users\/1"}],"replies":[{"embeddable":true,"href":"https:\/\/en.amec.es\/index.php\/wp-json\/wp\/v2\/comments?post=6011"}],"version-history":[{"count":1,"href":"https:\/\/en.amec.es\/index.php\/wp-json\/wp\/v2\/pages\/6011\/revisions"}],"predecessor-version":[{"id":6012,"href":"https:\/\/en.amec.es\/index.php\/wp-json\/wp\/v2\/pages\/6011\/revisions\/6012"}],"up":[{"embeddable":true,"href":"https:\/\/en.amec.es\/index.php\/wp-json\/wp\/v2\/pages\/5971"}],"wp:featuredmedia":[{"embeddable":true,"href":"https:\/\/en.amec.es\/index.php\/wp-json\/wp\/v2\/media\/4534"}],"wp:attachment":[{"href":"https:\/\/en.amec.es\/index.php\/wp-json\/wp\/v2\/media?parent=6011"}],"curies":[{"name":"wp","href":"https:\/\/api.w.org\/{rel}","templated":true}]}}